{"id":28,"date":"2023-06-05T19:08:02","date_gmt":"2023-06-05T19:08:02","guid":{"rendered":"https:\/\/insjoanoro.cat\/vadellengues\/?page_id=28"},"modified":"2023-07-03T12:05:32","modified_gmt":"2023-07-03T12:05:32","slug":"llegir-per-plaer","status":"publish","type":"page","link":"https:\/\/insjoanoro.cat\/vadellengues\/llegir-per-plaer\/","title":{"rendered":"LLEGIR PER PLAER"},"content":{"rendered":"<p><img loading=\"lazy\" decoding=\"async\" class=\"alignnone size-medium wp-image-370\" src=\"https:\/\/insjoanoro.cat\/vadellengues\/wp-content\/uploads\/sites\/17\/2021\/05\/unnamed-1-300x225.jpg\" alt=\"\" width=\"300\" height=\"225\" srcset=\"https:\/\/insjoanoro.cat\/vadellengues\/wp-content\/uploads\/sites\/17\/2021\/05\/unnamed-1-300x225.jpg 300w, https:\/\/insjoanoro.cat\/vadellengues\/wp-content\/uploads\/sites\/17\/2021\/05\/unnamed-1-768x576.jpg 768w, https:\/\/insjoanoro.cat\/vadellengues\/wp-content\/uploads\/sites\/17\/2021\/05\/unnamed-1.jpg 1024w, https:\/\/insjoanoro.cat\/vadellengues\/wp-content\/uploads\/sites\/17\/2021\/05\/unnamed-1-678x509.jpg 678w, https:\/\/insjoanoro.cat\/vadellengues\/wp-content\/uploads\/sites\/17\/2021\/05\/unnamed-1-326x245.jpg 326w, https:\/\/insjoanoro.cat\/vadellengues\/wp-content\/uploads\/sites\/17\/2021\/05\/unnamed-1-80x60.jpg 80w\" sizes=\"auto, (max-width: 300px) 100vw, 300px\" \/> <img loading=\"lazy\" decoding=\"async\" class=\"alignnone size-medium wp-image-371\" src=\"https:\/\/insjoanoro.cat\/vadellengues\/wp-content\/uploads\/sites\/17\/2021\/05\/74319b9c-dd9f-4040-874d-6189ff381042-300x225.jpg\" alt=\"\" width=\"300\" height=\"225\" srcset=\"https:\/\/insjoanoro.cat\/vadellengues\/wp-content\/uploads\/sites\/17\/2021\/05\/74319b9c-dd9f-4040-874d-6189ff381042-300x225.jpg 300w, https:\/\/insjoanoro.cat\/vadellengues\/wp-content\/uploads\/sites\/17\/2021\/05\/74319b9c-dd9f-4040-874d-6189ff381042-768x576.jpg 768w, https:\/\/insjoanoro.cat\/vadellengues\/wp-content\/uploads\/sites\/17\/2021\/05\/74319b9c-dd9f-4040-874d-6189ff381042.jpg 1024w, https:\/\/insjoanoro.cat\/vadellengues\/wp-content\/uploads\/sites\/17\/2021\/05\/74319b9c-dd9f-4040-874d-6189ff381042-678x509.jpg 678w, https:\/\/insjoanoro.cat\/vadellengues\/wp-content\/uploads\/sites\/17\/2021\/05\/74319b9c-dd9f-4040-874d-6189ff381042-326x245.jpg 326w, https:\/\/insjoanoro.cat\/vadellengues\/wp-content\/uploads\/sites\/17\/2021\/05\/74319b9c-dd9f-4040-874d-6189ff381042-80x60.jpg 80w\" sizes=\"auto, (max-width: 300px) 100vw, 300px\" \/> \u00a0<img class=\"alignnone size-medium wp-image-166\" height=\"300\" \/>\u00a0<img loading=\"lazy\" decoding=\"async\" class=\"alignnone size-medium wp-image-162\" src=\"https:\/\/insjoanoro.cat\/vadellengues\/wp-content\/uploads\/sites\/17\/2017\/04\/2021-04-08-19.53.34-225x300.jpg\" alt=\"\" width=\"225\" height=\"300\" srcset=\"https:\/\/insjoanoro.cat\/vadellengues\/wp-content\/uploads\/sites\/17\/2017\/04\/2021-04-08-19.53.34-225x300.jpg 225w, https:\/\/insjoanoro.cat\/vadellengues\/wp-content\/uploads\/sites\/17\/2017\/04\/2021-04-08-19.53.34-768x1024.jpg 768w, https:\/\/insjoanoro.cat\/vadellengues\/wp-content\/uploads\/sites\/17\/2017\/04\/2021-04-08-19.53.34.jpg 1536w\" sizes=\"auto, (max-width: 225px) 100vw, 225px\" \/><\/p>\n<h1>RECOMANACIONS<\/h1>\n<p><img loading=\"lazy\" decoding=\"async\" class=\"wp-image-343 alignleft\" style=\"text-align: center\" src=\"http:\/\/blocs.xtec.cat\/ilec\/files\/2013\/11\/2016-02-01-13.28.51-1024x768.jpg\" alt=\"2016-02-01 13.28.51\" width=\"285\" height=\"213\" \/><img loading=\"lazy\" decoding=\"async\" class=\"alignnone wp-image-193 alignleft\" src=\"https:\/\/insjoanoro.cat\/vadellengues\/wp-content\/uploads\/sites\/17\/2021\/04\/Recomanaci\u00f3n-Wonder-300x226.png\" alt=\"\" width=\"281\" height=\"212\" srcset=\"https:\/\/insjoanoro.cat\/vadellengues\/wp-content\/uploads\/sites\/17\/2021\/04\/Recomanaci\u00f3n-Wonder-300x226.png 300w, https:\/\/insjoanoro.cat\/vadellengues\/wp-content\/uploads\/sites\/17\/2021\/04\/Recomanaci\u00f3n-Wonder-768x579.png 768w, https:\/\/insjoanoro.cat\/vadellengues\/wp-content\/uploads\/sites\/17\/2021\/04\/Recomanaci\u00f3n-Wonder-678x509.png 678w, https:\/\/insjoanoro.cat\/vadellengues\/wp-content\/uploads\/sites\/17\/2021\/04\/Recomanaci\u00f3n-Wonder-326x245.png 326w, https:\/\/insjoanoro.cat\/vadellengues\/wp-content\/uploads\/sites\/17\/2021\/04\/Recomanaci\u00f3n-Wonder-80x60.png 80w, https:\/\/insjoanoro.cat\/vadellengues\/wp-content\/uploads\/sites\/17\/2021\/04\/Recomanaci\u00f3n-Wonder.png 919w\" sizes=\"auto, (max-width: 281px) 100vw, 281px\" \/><\/p>\n<p>Si has llegit un llibre que t&#8217;ha fet plorar, riure, somiar, viatjar, &#8230; gaudir, per qu\u00e8 no el recomanes?<\/p>\n<p>Prem a sobre d&#8217;aquest\u00a0<a href=\"https:\/\/padlet.com\/montseirun\/ueqqjhmy3z\">suro virtual <\/a>i recomana un llibre per 1r o 2n ESO! I si \u00e9s un llibre per 3r o 4t, recomana&#8217;l <a href=\"https:\/\/padlet.com\/montseirun\/4ej7cmt8uam1\">aqu\u00ed<\/a>.<\/p>\n<p>&nbsp;<\/p>\n<h1><\/h1>\n<h1>DIN\u00c0MIQUES DE LECTURA<\/h1>\n<h3 style=\"text-align: center\"><em>Llegir per gaudir<\/em><em>, viure altres vides, comprendre altres realitats. Llegir per con\u00e8ixer-se. Llegir per dubtar. Llegir per preguntar-se.<\/em><\/h3>\n<h2 style=\"text-align: left\">Fem portades i contraportades i il.lustrem llibres<\/h2>\n<div style=\"text-align: center\">\n<div style=\"margin: 8px 0px 4px\">\n<div>\n<p><img loading=\"lazy\" decoding=\"async\" class=\"alignnone wp-image-171\" src=\"https:\/\/insjoanoro.cat\/vadellengues\/wp-content\/uploads\/sites\/17\/2021\/04\/2014-04-02-13.11.15-225x300.jpg\" alt=\"\" width=\"166\" height=\"220\" srcset=\"https:\/\/insjoanoro.cat\/vadellengues\/wp-content\/uploads\/sites\/17\/2021\/04\/2014-04-02-13.11.15-225x300.jpg 225w, https:\/\/insjoanoro.cat\/vadellengues\/wp-content\/uploads\/sites\/17\/2021\/04\/2014-04-02-13.11.15-768x1024.jpg 768w\" sizes=\"auto, (max-width: 166px) 100vw, 166px\" \/><\/p>\n<p><img loading=\"lazy\" decoding=\"async\" class=\"alignnone wp-image-172\" src=\"https:\/\/insjoanoro.cat\/vadellengues\/wp-content\/uploads\/sites\/17\/2021\/04\/2014-04-02-13.11.28-300x225.jpg\" alt=\"\" width=\"240\" height=\"180\" srcset=\"https:\/\/insjoanoro.cat\/vadellengues\/wp-content\/uploads\/sites\/17\/2021\/04\/2014-04-02-13.11.28-300x225.jpg 300w, https:\/\/insjoanoro.cat\/vadellengues\/wp-content\/uploads\/sites\/17\/2021\/04\/2014-04-02-13.11.28-768x576.jpg 768w, https:\/\/insjoanoro.cat\/vadellengues\/wp-content\/uploads\/sites\/17\/2021\/04\/2014-04-02-13.11.28-1024x768.jpg 1024w, https:\/\/insjoanoro.cat\/vadellengues\/wp-content\/uploads\/sites\/17\/2021\/04\/2014-04-02-13.11.28-678x509.jpg 678w, https:\/\/insjoanoro.cat\/vadellengues\/wp-content\/uploads\/sites\/17\/2021\/04\/2014-04-02-13.11.28-326x245.jpg 326w, https:\/\/insjoanoro.cat\/vadellengues\/wp-content\/uploads\/sites\/17\/2021\/04\/2014-04-02-13.11.28-80x60.jpg 80w\" sizes=\"auto, (max-width: 240px) 100vw, 240px\" \/><\/p>\n<\/div>\n<h2 style=\"text-align: left\">Club de lectura<\/h2>\n<p style=\"text-align: left\">Compartim la lectura tot fent conversa entre tot el grup d&#8217;una mateixa hist\u00f2ria. L&#8217;alumnat fa el resum de la hist\u00f2ria, expressa opini\u00f3, fa connexions, fa prediccions&#8230; i aprenen a fer escolta activa.<\/p>\n<p style=\"text-align: left\">Aquest \u00e9s un recull d&#8217;idees per a fer la dinamitzaci\u00f3 de les intervencions orals sobre experi\u00e8ncies i opinions al voltant de la lectura, per part de l&#8217;alumnat, del professor mateix, o de personatges coneguts.<a href=\"http:\/\/blocs.xtec.cat\/ilec\/files\/2013\/11\/Parlem-dels-llibres.pdf\">Parlem dels llibres<\/a><\/p>\n<p><img loading=\"lazy\" decoding=\"async\" class=\"alignnone size-medium wp-image-372\" src=\"https:\/\/insjoanoro.cat\/vadellengues\/wp-content\/uploads\/sites\/17\/2021\/05\/unnamed-300x225.jpg\" alt=\"\" width=\"300\" height=\"225\" srcset=\"https:\/\/insjoanoro.cat\/vadellengues\/wp-content\/uploads\/sites\/17\/2021\/05\/unnamed-300x225.jpg 300w, https:\/\/insjoanoro.cat\/vadellengues\/wp-content\/uploads\/sites\/17\/2021\/05\/unnamed-768x576.jpg 768w, https:\/\/insjoanoro.cat\/vadellengues\/wp-content\/uploads\/sites\/17\/2021\/05\/unnamed.jpg 1024w, https:\/\/insjoanoro.cat\/vadellengues\/wp-content\/uploads\/sites\/17\/2021\/05\/unnamed-678x509.jpg 678w, https:\/\/insjoanoro.cat\/vadellengues\/wp-content\/uploads\/sites\/17\/2021\/05\/unnamed-326x245.jpg 326w, https:\/\/insjoanoro.cat\/vadellengues\/wp-content\/uploads\/sites\/17\/2021\/05\/unnamed-80x60.jpg 80w\" sizes=\"auto, (max-width: 300px) 100vw, 300px\" \/><\/p>\n<h2 style=\"text-align: left\">Bookdates<\/h2>\n<p style=\"text-align: left\">En grups de 2 parlen de llibres durant 3 minuts i&#8230;. canvi de parella!<\/p>\n<p><img loading=\"lazy\" decoding=\"async\" class=\"alignnone size-medium wp-image-232\" src=\"https:\/\/insjoanoro.cat\/vadellengues\/wp-content\/uploads\/sites\/17\/2021\/05\/IMG-3546-300x225.jpg\" alt=\"\" width=\"300\" height=\"225\" srcset=\"https:\/\/insjoanoro.cat\/vadellengues\/wp-content\/uploads\/sites\/17\/2021\/05\/IMG-3546-300x225.jpg 300w, https:\/\/insjoanoro.cat\/vadellengues\/wp-content\/uploads\/sites\/17\/2021\/05\/IMG-3546-768x576.jpg 768w, https:\/\/insjoanoro.cat\/vadellengues\/wp-content\/uploads\/sites\/17\/2021\/05\/IMG-3546-1024x768.jpg 1024w, https:\/\/insjoanoro.cat\/vadellengues\/wp-content\/uploads\/sites\/17\/2021\/05\/IMG-3546-678x509.jpg 678w, https:\/\/insjoanoro.cat\/vadellengues\/wp-content\/uploads\/sites\/17\/2021\/05\/IMG-3546-326x245.jpg 326w, https:\/\/insjoanoro.cat\/vadellengues\/wp-content\/uploads\/sites\/17\/2021\/05\/IMG-3546-80x60.jpg 80w\" sizes=\"auto, (max-width: 300px) 100vw, 300px\" \/><\/p>\n<h2 style=\"text-align: left\">Booktrailers<\/h2>\n<p><a href=\"https:\/\/drive.google.com\/file\/d\/10sVOj6-7-WyJLTMrSH8M7j-TsTweZXiq\/view?usp=sharing\"><img loading=\"lazy\" decoding=\"async\" class=\"alignnone size-medium wp-image-176\" src=\"https:\/\/insjoanoro.cat\/vadellengues\/wp-content\/uploads\/sites\/17\/2021\/04\/Booktrailer-El-Joc-de-l\u00c0ngel-300x187.png\" alt=\"\" width=\"300\" height=\"187\" srcset=\"https:\/\/insjoanoro.cat\/vadellengues\/wp-content\/uploads\/sites\/17\/2021\/04\/Booktrailer-El-Joc-de-l\u00c0ngel-300x187.png 300w, https:\/\/insjoanoro.cat\/vadellengues\/wp-content\/uploads\/sites\/17\/2021\/04\/Booktrailer-El-Joc-de-l\u00c0ngel-768x478.png 768w, https:\/\/insjoanoro.cat\/vadellengues\/wp-content\/uploads\/sites\/17\/2021\/04\/Booktrailer-El-Joc-de-l\u00c0ngel-1024x637.png 1024w, https:\/\/insjoanoro.cat\/vadellengues\/wp-content\/uploads\/sites\/17\/2021\/04\/Booktrailer-El-Joc-de-l\u00c0ngel.png 1264w\" sizes=\"auto, (max-width: 300px) 100vw, 300px\" \/><\/a><\/p>\n<h2 style=\"text-align: left\">Infografies<\/h2>\n<p><img loading=\"lazy\" decoding=\"async\" class=\"alignnone size-medium wp-image-175\" src=\"https:\/\/insjoanoro.cat\/vadellengues\/wp-content\/uploads\/sites\/17\/2021\/04\/poster-The-Amazon-Alert-2-231x300.png\" alt=\"\" width=\"231\" height=\"300\" srcset=\"https:\/\/insjoanoro.cat\/vadellengues\/wp-content\/uploads\/sites\/17\/2021\/04\/poster-The-Amazon-Alert-2-231x300.png 231w, https:\/\/insjoanoro.cat\/vadellengues\/wp-content\/uploads\/sites\/17\/2021\/04\/poster-The-Amazon-Alert-2.png 651w\" sizes=\"auto, (max-width: 231px) 100vw, 231px\" \/><\/p>\n<h2 style=\"text-align: left\">Actuem<\/h2>\n<p style=\"text-align: left\">Actuar per llegir en veu alta l\u2019\u00e0nima pr\u00f2pia i la dels altres, per escriure amb la veu i el cos utilitzant la nostra lletra per representar-nos aut\u00e8ntics mitjan\u00e7ant la m\u00e0scara an\u00f2nima dels personatges. Llegir, escriure, actuar&#8230; viure!<\/p>\n<p><a href=\"http:\/\/blocs.xtec.cat\/ilec\/files\/2013\/11\/llegir-en-veu-alta.jpg\"><img loading=\"lazy\" decoding=\"async\" class=\"aligncenter wp-image-333\" src=\"http:\/\/blocs.xtec.cat\/ilec\/files\/2013\/11\/llegir-en-veu-alta-1024x724.jpg\" alt=\"llegir en veu alta\" width=\"271\" height=\"192\" \/><\/a><\/p>\n<p>&nbsp;<\/p>\n<\/div>\n<div>\n<h2 style=\"text-align: left\">Visita de l&#8217;autor<\/h2>\n<p style=\"text-align: left\">Dins el marc de l\u2019assignatura de llengua catalana, enguany els alumnes de 1r han llegit el llibre Presoners del mar, d\u2019Arturo Padilla. L\u2019han llegit, l\u2019han gaudit i han compartit la hist\u00f2ria en un club de lectura.<\/p>\n<p style=\"text-align: left\">A m\u00e9s, han gaudit de la visita del mateix autor. I ja coneixem la c\u00e0rrega emotiva que comporta compartir una xerrada amb l\u2019autor d\u2019un llibre que els ha enganxat a la majoria.<\/p>\n<p><img loading=\"lazy\" decoding=\"async\" class=\"alignnone size-medium wp-image-324\" src=\"https:\/\/insjoanoro.cat\/vadellengues\/wp-content\/uploads\/sites\/17\/2021\/05\/IMG_5098-300x225.jpg\" alt=\"\" width=\"300\" height=\"225\" srcset=\"https:\/\/insjoanoro.cat\/vadellengues\/wp-content\/uploads\/sites\/17\/2021\/05\/IMG_5098-300x225.jpg 300w, https:\/\/insjoanoro.cat\/vadellengues\/wp-content\/uploads\/sites\/17\/2021\/05\/IMG_5098-326x245.jpg 326w, https:\/\/insjoanoro.cat\/vadellengues\/wp-content\/uploads\/sites\/17\/2021\/05\/IMG_5098-80x60.jpg 80w, https:\/\/insjoanoro.cat\/vadellengues\/wp-content\/uploads\/sites\/17\/2021\/05\/IMG_5098.jpg 640w\" sizes=\"auto, (max-width: 300px) 100vw, 300px\" \/><\/p>\n<\/div>\n<h1 style=\"text-align: left\">TEMPS DE SILENCI. LECTURA PER PLAER<\/h1>\n<\/div>\n<div style=\"margin: 4px 0px 8px\"><a href=\"http:\/\/blocs.xtec.cat\/ilec\/files\/2013\/11\/logo-angl\u00e8s.jpg\"><img loading=\"lazy\" decoding=\"async\" class=\"wp-image-21 alignright\" src=\"http:\/\/blocs.xtec.cat\/ilec\/files\/2013\/11\/logo-angl\u00e8s.jpg\" alt=\"logo angl\u00e8s\" width=\"193\" height=\"258\" \/><\/a><img loading=\"lazy\" decoding=\"async\" class=\" wp-image-20 alignleft\" src=\"http:\/\/blocs.xtec.cat\/ilec\/files\/2013\/11\/logo-franc\u00e8s.jpg\" alt=\"logo franc\u00e8s\" width=\"193\" height=\"258\" \/><img loading=\"lazy\" decoding=\"async\" class=\"wp-image-16 aligncenter\" src=\"http:\/\/blocs.xtec.cat\/ilec\/files\/2013\/11\/logo.jpg\" alt=\"logo\" width=\"213\" height=\"286\" \/><\/div>\n<div style=\"text-align: center\">\n<p style=\"text-align: left\">El curs 2006- 2007 \u00a0l&#8217;Institut va est<span style=\"text-align: left\">ablir un per\u00edode de lectura sistem\u00e0tica dins l&#8217;horari lectiu de l&#8217;alumnat de 1r i 2n ESO, que ha passat per diferents maneres de treballar. El curs 2016-2017 es va instaurar el<\/span><b style=\"text-align: left\">\u00a0temps de silencis per a tot l&#8217;alumnat d&#8217;ESO i Batxillerat. <\/b><span style=\"text-align: left\">Es tracta de fer una aturada de 20 minuts diaris de lectura per plaer. El centre es queda en silenci perqu\u00e8 tots (professorat i alumnat) llegim all\u00f2 que volem.\u00a0<\/span>No tenim ni control ni seguiment dels llibres que llegeixen.\u00a0Tenim, per\u00f2, un recull de narracions curtes titulat &#8220;Si tens 20 minuts, obre&#8217;m&#8221; per tots aquells que ho vulguin aprofitar.<\/p>\n<p><img loading=\"lazy\" decoding=\"async\" class=\"alignnone size-medium wp-image-275\" src=\"https:\/\/insjoanoro.cat\/vadellengues\/wp-content\/uploads\/sites\/17\/2021\/05\/Si-tens-20-minuts-obrem-226x300.png\" alt=\"\" width=\"226\" height=\"300\" srcset=\"https:\/\/insjoanoro.cat\/vadellengues\/wp-content\/uploads\/sites\/17\/2021\/05\/Si-tens-20-minuts-obrem-226x300.png 226w, https:\/\/insjoanoro.cat\/vadellengues\/wp-content\/uploads\/sites\/17\/2021\/05\/Si-tens-20-minuts-obrem-768x1020.png 768w, https:\/\/insjoanoro.cat\/vadellengues\/wp-content\/uploads\/sites\/17\/2021\/05\/Si-tens-20-minuts-obrem-771x1024.png 771w, https:\/\/insjoanoro.cat\/vadellengues\/wp-content\/uploads\/sites\/17\/2021\/05\/Si-tens-20-minuts-obrem.png 886w\" sizes=\"auto, (max-width: 226px) 100vw, 226px\" \/>\u00a0 \u00a0 \u00a0\u00a0<a href=\"http:\/\/blocs.xtec.cat\/ilec\/files\/2013\/11\/2016-02-01-13.25.00.jpg\"><img loading=\"lazy\" decoding=\"async\" class=\" wp-image-335 alignleft\" src=\"http:\/\/blocs.xtec.cat\/ilec\/files\/2013\/11\/2016-02-01-13.25.00-1024x768.jpg\" alt=\"2016-02-01 13.25.00\" width=\"235\" height=\"176\" \/><\/a><\/p>\n<p style=\"text-align: left\"><span style=\"text-align: left\">La segona o tercera setmana del curs es converteix en una <strong>setmana d&#8217;escalfament<\/strong> del temps de silencis (llegim per plaer), on interv\u00e9 tot l&#8217;equip docent de 1r i 2n ESO.<\/span><\/p>\n<\/div>\n<div style=\"text-align: center\">\n<p style=\"text-align: left\">Tenint en compte que aquest \u00e9s un projecte de centre, tots som responsables del seu acompliment i de la seva execuci\u00f3: alumnat, pares, docents, &#8230; Els <strong>tutors i tutores<\/strong>, per\u00f2, hi participen d&#8217;una manera directa i exemplificadora. Les tasques que fan s\u00f3n:<\/p>\n<ul style=\"text-align: left\">\n<li>Lliuren una carta informativa a les fam\u00edlies.<\/li>\n<li style=\"text-align: left\">Expliquen a l&#8217;alumnat que el professorat tamb\u00e9 llegeix i argumenten quins s\u00f3n els llibres que m\u00e9s els agrada llegir. Tamb\u00e9 poden recomanar algun llibre ja que es tracta de crear proximitat i complicitat. El modelatge i el fet de tenir un referent \u00e9s una eina importat perqu\u00e8 el nostre alumnat pugui canalitzar les seves inquietuds.<\/li>\n<li style=\"text-align: left\">Exposen que \u00e9s la setmana de la reivindicaci\u00f3 o declaraci\u00f3 d&#8217;un principi i d&#8217;un dret de tots aquells que amb els anys s<img loading=\"lazy\" decoding=\"async\" class=\"wp-image-163 alignright\" src=\"https:\/\/insjoanoro.cat\/vadellengues\/wp-content\/uploads\/sites\/17\/2017\/04\/2021-04-08-19.53.34-2-225x300.jpg\" alt=\"\" width=\"167\" height=\"223\" srcset=\"https:\/\/insjoanoro.cat\/vadellengues\/wp-content\/uploads\/sites\/17\/2017\/04\/2021-04-08-19.53.34-2-225x300.jpg 225w, https:\/\/insjoanoro.cat\/vadellengues\/wp-content\/uploads\/sites\/17\/2017\/04\/2021-04-08-19.53.34-2-768x1024.jpg 768w, https:\/\/insjoanoro.cat\/vadellengues\/wp-content\/uploads\/sites\/17\/2017\/04\/2021-04-08-19.53.34-2.jpg 1536w\" sizes=\"auto, (max-width: 167px) 100vw, 167px\" \/>&#8216;han anat fent lectors. Els reparteix uns adhesius per poder reivindicar aquest dret i adopten el comprom\u00eds d&#8217;enganxar-los a la carpeta.<\/li>\n<li style=\"text-align: left\">Defineixen i argumenten qu\u00e8 vol dir ser lector. Fan difusi\u00f3 dels p\u00f2sters o murals relacionats amb la lectura i logos a l&#8217;aula.<\/li>\n<li style=\"text-align: left\">Tamb\u00e9 demanen a l&#8217;alumnat que dissenyin un punt del llibre personalitzat, que ser\u00e0 el que deixaran al llibre que estiguin llegint.<\/li>\n<\/ul>\n<\/div>\n<div style=\"text-align: center\">\n<p style=\"text-align: left\">Les tasques de l&#8217;<strong>equip docent<\/strong> s\u00f3n:<\/p>\n<ul>\n<li style=\"text-align: left\">Posar-se l&#8217;adhesiu, on es declara com a lector, i dur-lo durant tota la setmana.<\/li>\n<li style=\"text-align: left\">Dedicar una part de l&#8217;hora lectiva a compartir amb els nois i noies les seves experi\u00e8ncies lectores i portar a l&#8217;aula algun llibre per recomanar\u00a0i comentar amb els alumnes. Pot ser un llibre que dur<\/li>\n<li style=\"text-align: left\">ant l&#8217;adolesc\u00e8ncia els agrad\u00e9s molt per alguna ra\u00f3 o el llibre que estan llegint ara.<\/li>\n<\/ul>\n<p style=\"text-align: left\">Les tasques del professorat de llengua a primer d&#8217;ESO s\u00f3n:<\/p>\n<ul>\n<li style=\"text-align: left\">Explicar qu\u00e8 significa \u00a0llegir i els tipus de lectura que fem.<img loading=\"lazy\" decoding=\"async\" class=\"size-medium wp-image-164 alignright\" src=\"https:\/\/insjoanoro.cat\/vadellengues\/wp-content\/uploads\/sites\/17\/2017\/04\/2021-04-08-19.53.34-3-225x300.jpg\" alt=\"\" width=\"225\" height=\"300\" srcset=\"https:\/\/insjoanoro.cat\/vadellengues\/wp-content\/uploads\/sites\/17\/2017\/04\/2021-04-08-19.53.34-3-225x300.jpg 225w, https:\/\/insjoanoro.cat\/vadellengues\/wp-content\/uploads\/sites\/17\/2017\/04\/2021-04-08-19.53.34-3-768x1024.jpg 768w, https:\/\/insjoanoro.cat\/vadellengues\/wp-content\/uploads\/sites\/17\/2017\/04\/2021-04-08-19.53.34-3.jpg 1536w\" sizes=\"auto, (max-width: 225px) 100vw, 225px\" \/><\/li>\n<li style=\"text-align: left\">Explicar el logo amb el <i>power point<\/i>.<a href=\"http:\/\/blocs.xtec.cat\/ilec\/files\/2013\/11\/ELS-DRETS-DEL-LECTOR.pdf\">ELS DRETS DEL LECTOR<\/a><\/li>\n<li style=\"text-align: left\">Explicar que, a part dels llibres, llegim moltes altres coses; \u00e9s a dir que la lectura forma part de la nostra rutina i quotidianitat. Recordar que hi ha moltes maneres de llegir, i l&#8217;ordinador n&#8217;\u00e9s una, per\u00f2 no podem descuidar aquell recurs que fins ara ens ha acompanyat i ha guiat tot el nostre proc\u00e9s d&#8217;aprenentatge i, a m\u00e9s, ens ha perm\u00e8s gaudir moltes hores en sile<\/li>\n<li style=\"text-align: left\">nci i endinsar-nos en la vida d&#8217;altres: les seves aventures, les seves passions, els seus ideals, &#8230; es tracta del llibre en paper.<\/li>\n<li style=\"text-align: left\">Visionar el <a title=\"BOOK\" href=\"http:\/\/www.youtube.com\/watch?v=iwPj0qgvfIs\">video\u00a0<\/a>. Comentar-lo amb l&#8217;alumnat.<\/li>\n<li style=\"text-align: left\">Parlar dels drets dels lectors\u00a0 (del llibre\u00a0<i>Com una novel\u00b7la de Daniel Pennac<\/i>)seguint la presentaci\u00f3 i afegint ex<br \/>\nperi\u00e8ncies personals que il\u00b7lustrin el dret esmentat. Tamb\u00e9 es pot fer servir el resum.<\/li>\n<li style=\"text-align: left\">Demanar a l&#8217;alumnat que es prengui seriosament aquest activitat de centre ja que els ser\u00e0 divertida i molt \u00fatil. No respon a un caprici de centre, sin\u00f3 a una necessitat col\u00b7lectiva de millora de la nostra compet\u00e8ncia comunicativa en \u00a0comprensi\u00f3 lectora. Llegim per aprendre i llegim per plaer.<\/li>\n<\/ul>\n<p>&nbsp;<\/p>\n<p style=\"text-align: left\">Les tasques del professorat de llengua de segon d&#8217;ESO s\u00f3n:<\/p>\n<ul>\n<li style=\"text-align: left\">Explicar qu\u00e8 significa \u00a0llegir i els tipus de lectura que fem.<\/li>\n<li style=\"text-align: left\">Explicar el logo amb el <i>power point<\/i>.\u00a0<a href=\"http:\/\/blocs.xtec.cat\/ilec\/files\/2013\/11\/presentaci\u00f3-pla-lector-2-ESO.pdf\">presentaci\u00f3 lectura a laula 2 ESO<\/a><\/li>\n<li style=\"text-align: left\">Demanar que, individualment durant 2 minuts, facin una llista on posin tot el que es pot fer amb un\u00a0<img loading=\"lazy\" decoding=\"async\" class=\"size-medium wp-image-165 alignleft\" src=\"https:\/\/insjoanoro.cat\/vadellengues\/wp-content\/uploads\/sites\/17\/2017\/04\/2021-04-08-19.53.35-225x300.jpg\" alt=\"\" width=\"225\" height=\"300\" srcset=\"https:\/\/insjoanoro.cat\/vadellengues\/wp-content\/uploads\/sites\/17\/2017\/04\/2021-04-08-19.53.35-225x300.jpg 225w, https:\/\/insjoanoro.cat\/vadellengues\/wp-content\/uploads\/sites\/17\/2017\/04\/2021-04-08-19.53.35-768x1024.jpg 768w, https:\/\/insjoanoro.cat\/vadellengues\/wp-content\/uploads\/sites\/17\/2017\/04\/2021-04-08-19.53.35.jpg 1536w\" sizes=\"auto, (max-width: 225px) 100vw, 225px\" \/>llibre. Es pot donar un exemple com ara falcar una taula que coixeja.<a href=\"http:\/\/blocs.xtec.cat\/ilec\/files\/2013\/11\/Fitxa-qu\u00e8-es-llegir.pdf\">Fitxa qu\u00e8 significa llegir<\/a>\u00a0i<\/li>\n<li style=\"text-align: left\">Posar la\u00a0llista en com\u00fa en grups de 3 i fer-ne una de sola amb totes les idees. Estaria b\u00e9 que fessin la llista en un DIN-A3 amb el t\u00edtol i que la pengessin a l&#8217;aula.<\/li>\n<li style=\"text-align: left\">Ensenyar les imatges del power point i seguir el mateix procediment anterior: primer que pensin individualment en el que els suggereix i despr\u00e9s que ho posin en com\u00fa en grups de 3.<\/li>\n<li style=\"text-align: left\">Clicar sobre el link al power point on posa wordle. D&#8217;aquesta manera s&#8217;accedeix a una p\u00e0gina web i all\u00ed cal clicar<em> create your own<\/em>.<\/li>\n<li style=\"text-align: left\">Escriure les paraules de l&#8217;alumnat just a sota de <em>Paste in a bunch of text\u00a0<\/em>on \u00a0hi ha un requadre. Un alumne escriu les paraules mentre els altres dos membres del grup les comenten.<\/li>\n<li style=\"text-align: left\">Clicar a &#8220;<em>go<\/em>&#8221; quan tots han escrit les paraules. Es crear\u00e0 un n\u00favol de paraules. Cal guardar-lo per poder imprimir-lo m\u00e9s tard i penjar-lo a l&#8217;aula.<\/li>\n<li style=\"text-align: left\">Demanar a &#8216;\u2019alumnat que es prengui seriosament aquest activitat de centre ja que els ser\u00e0 divertida i molt \u00fatil. No respon a un caprici de centre, sin\u00f3 a una necessitat col\u00b7lectiva de millora de la nostra compet\u00e8ncia comunicativa en\u00a0 comprensi\u00f3 lectora. Llegim per aprendre i llegim per plaer.<\/li>\n<\/ul>\n<p><img loading=\"lazy\" decoding=\"async\" class=\"alignnone size-medium wp-image-224\" src=\"https:\/\/insjoanoro.cat\/vadellengues\/wp-content\/uploads\/sites\/17\/2021\/04\/biblio-300x158.png\" alt=\"\" width=\"300\" height=\"158\" srcset=\"https:\/\/insjoanoro.cat\/vadellengues\/wp-content\/uploads\/sites\/17\/2021\/04\/biblio-300x158.png 300w, https:\/\/insjoanoro.cat\/vadellengues\/wp-content\/uploads\/sites\/17\/2021\/04\/biblio-768x404.png 768w, https:\/\/insjoanoro.cat\/vadellengues\/wp-content\/uploads\/sites\/17\/2021\/04\/biblio-1024x539.png 1024w, https:\/\/insjoanoro.cat\/vadellengues\/wp-content\/uploads\/sites\/17\/2021\/04\/biblio.png 1484w\" sizes=\"auto, (max-width: 300px) 100vw, 300px\" \/><img loading=\"lazy\" decoding=\"async\" class=\"alignnone wp-image-225\" src=\"https:\/\/insjoanoro.cat\/vadellengues\/wp-content\/uploads\/sites\/17\/2021\/04\/biblio2-300x168.png\" alt=\"\" width=\"291\" height=\"163\" srcset=\"https:\/\/insjoanoro.cat\/vadellengues\/wp-content\/uploads\/sites\/17\/2021\/04\/biblio2-300x168.png 300w, https:\/\/insjoanoro.cat\/vadellengues\/wp-content\/uploads\/sites\/17\/2021\/04\/biblio2-768x430.png 768w, https:\/\/insjoanoro.cat\/vadellengues\/wp-content\/uploads\/sites\/17\/2021\/04\/biblio2-1024x573.png 1024w, https:\/\/insjoanoro.cat\/vadellengues\/wp-content\/uploads\/sites\/17\/2021\/04\/biblio2-678x381.png 678w, https:\/\/insjoanoro.cat\/vadellengues\/wp-content\/uploads\/sites\/17\/2021\/04\/biblio2.png 1407w\" sizes=\"auto, (max-width: 291px) 100vw, 291px\" \/><\/p>\n<p style=\"text-align: left\"><a href=\"http:\/\/www.calameo.com\/books\/0005599190d86616e0e5e\">Aquesta \u00e9s una presentaci\u00f3<\/a>\u00a0de la lectura sistem\u00e0tica que van fer\u00a0 ja fa uns anys.<\/p>\n<\/div>\n","protected":false},"excerpt":{"rendered":"<div class=\"mh-excerpt\"><p>\u00a0\u00a0 RECOMANACIONS Si has llegit un llibre que t&#8217;ha fet plorar, riure, somiar, viatjar, &#8230; gaudir, per qu\u00e8 no el recomanes? Prem a sobre d&#8217;aquest\u00a0suro <a class=\"mh-excerpt-more\" href=\"https:\/\/insjoanoro.cat\/vadellengues\/llegir-per-plaer\/\" title=\"LLEGIR PER PLAER\">[&#8230;]<\/a><\/p>\n<\/div>","protected":false},"author":20,"featured_media":117,"parent":0,"menu_order":2,"comment_status":"closed","ping_status":"closed","template":"template-full.php","meta":{"footnotes":""},"class_list":["post-28","page","type-page","status-publish","has-post-thumbnail","hentry"],"_links":{"self":[{"href":"https:\/\/insjoanoro.cat\/vadellengues\/wp-json\/wp\/v2\/pages\/28","targetHints":{"allow":["GET"]}}],"collection":[{"href":"https:\/\/insjoanoro.cat\/vadellengues\/wp-json\/wp\/v2\/pages"}],"about":[{"href":"https:\/\/insjoanoro.cat\/vadellengues\/wp-json\/wp\/v2\/types\/page"}],"author":[{"embeddable":true,"href":"https:\/\/insjoanoro.cat\/vadellengues\/wp-json\/wp\/v2\/users\/20"}],"replies":[{"embeddable":true,"href":"https:\/\/insjoanoro.cat\/vadellengues\/wp-json\/wp\/v2\/comments?post=28"}],"version-history":[{"count":27,"href":"https:\/\/insjoanoro.cat\/vadellengues\/wp-json\/wp\/v2\/pages\/28\/revisions"}],"predecessor-version":[{"id":373,"href":"https:\/\/insjoanoro.cat\/vadellengues\/wp-json\/wp\/v2\/pages\/28\/revisions\/373"}],"wp:featuredmedia":[{"embeddable":true,"href":"https:\/\/insjoanoro.cat\/vadellengues\/wp-json\/wp\/v2\/media\/117"}],"wp:attachment":[{"href":"https:\/\/insjoanoro.cat\/vadellengues\/wp-json\/wp\/v2\/media?parent=28"}],"curies":[{"name":"wp","href":"https:\/\/api.w.org\/{rel}","templated":true}]}}